{"id":2132,"date":"2020-10-22T08:17:48","date_gmt":"2020-10-22T08:17:48","guid":{"rendered":"https:\/\/dev.conorsadventure.com\/?page_id=2132"},"modified":"2022-12-01T09:12:06","modified_gmt":"2022-12-01T08:12:06","slug":"pasja-kletka-boks-da-ali-ne-in-kaksna-%f0%9f%90%b6","status":"publish","type":"page","link":"https:\/\/conorsadventure.si\/blog\/pasja-kletka-boks-da-ali-ne-in-kaksna-%f0%9f%90%b6\/","title":{"rendered":"PASJA KLETKA\/BOKS, DA ALI NE IN KAK\u0160NA? \ud83d\udc36"},"content":{"rendered":"<p>Sama sem bila zelo dolgo \u010dasa proti uporabi pasjega bivalnega boksa oz. kletke (kot jo nekateri imenujemo). To je tista zadeva, nad katero se marsikdo zgra\u017ea, da gre za pasji zapor\ud83d\ude44. Eni jo imenujejo kletka drugi boks, Dejansko gre za na\u010deloma isto zadevo.<\/p>\n<p>Ampak proti sem bila do trenutka, ko sva se za\u010dela s Primo\u017eem resno pogovarjati o psu, izbirati pasmo itd. Takrat sem skozi raziskovanje in branje razli\u010dnih pasjih \u010dlankov, pregledu razli\u010dnih IG (Instagram profilov) ugotovila, da je slednja zadeva izrazito uporabna.<\/p>\n<p>Ob predpostavki, da je kletka dovolj velika za psa in ga ne utesnjuje, je Conorju predstavlja kletka zato\u010di\u0161\u010de in mir. varno narejena, plus smo na podlago polo\u017eili ka\u0161no ve\u010djo blazino ali debelej\u0161o deko, da je psu udobno, bo kletka predstavljala psu:<\/p>\n<p>\ud83d\udc49\ud83c\udffc <strong>Zavetje<\/strong><\/p>\n<figure id=\"attachment_2134\" aria-describedby=\"caption-attachment-2134\" style=\"width: 480px\" class=\"wp-caption alignright\"><img decoding=\"async\" loading=\"lazy\" class=\"wp-image-2134\" src=\"https:\/\/conorsadventure.si\/blog\/wp-content\/uploads\/2020\/10\/Kletka_2.jpg\" alt=\"\" width=\"480\" height=\"492\" srcset=\"https:\/\/conorsadventure.si\/blog\/wp-content\/uploads\/2020\/10\/Kletka_2.jpg 625w, https:\/\/conorsadventure.si\/blog\/wp-content\/uploads\/2020\/10\/Kletka_2-293x300.jpg 293w, https:\/\/conorsadventure.si\/blog\/wp-content\/uploads\/2020\/10\/Kletka_2-600x614.jpg 600w\" sizes=\"(max-width: 480px) 100vw, 480px\" \/><figcaption id=\"caption-attachment-2134\" class=\"wp-caption-text\">Conorju predstavlja kletka zato\u010di\u0161\u010de in mir.<\/figcaption><\/figure>\n<p>Prostor kamor se lahko odmakne, kjer ima svoj mir. V kletki torej psa razen za\u010detnega hranjenja (da ga navadimo na kletko) pustimo pri miru.<\/p>\n<p>\ud83d\udc49\ud83c\udffc <strong>Doma\u010d spomin<\/strong><\/p>\n<p>\u010ce vam velikost avtomobila omogo\u010da, da jo vzamete s seboj na morje. Zaradi morebitnega za\u010detnega stresa psa, ki se lahko pojavi ob menjavi okolja, bo pes kletko povezoval z \u00bbdoma\u010dim okoljem\u00ab.<\/p>\n<p>\ud83d\udc49\ud83c\udffc <strong>Varnost<\/strong><\/p>\n<p>V vsakem prostoru, verjemite tudi v va\u0161em se najde kak\u0161na za psa nevarna, \u010de ne celo \u017eivljenjsko nevarna stvar. Vpra\u0161anje, kje pu\u0161\u010date likalnik? Na omari, ali na likalni deski? Sama ga na likalni deski. In bog ne daj, da Conor nevede potegne za kabel likalnika. Ne bi se lepo kon\u010dalo. \ud83d\ude16<\/p>\n<p>Ali pa hrana na tleh. Zagotovo ste \u017ee jedli ore\u0161\u010dke? Verjetno vam je kak\u0161en tudi padel na tla in ga niste opazili. No dolo\u010deni ore\u0161\u010dki so za pse izredno nevarni. Naj na tem mestu omenim zgodbo mamine ma\u010dke, ki je po pomoti pojedla mandelj in se ji je zataknil v prebavnem traku. Epilog, muco so komaj re\u0161ili. \u010ce je pes, ko vas ni doma zaprt v kletki, se vsem tak\u0161nim in podobnim neljubim situacijam izognete. Vem, da so primeri za koga morda izredno banalni pa vendar, sej veste \u017eal nesre\u010da nikoli ne po\u010diva. \ud83d\ude44<\/p>\n<p>\ud83d\udc49\ud83c\udffc <strong>Za\u0161\u010dita<\/strong><\/p>\n<p>Predstavljate si naslednji prizor\u2026<\/p>\n<p>Po napornem delavniku pridete domov. Komaj \u010dakate, da se zleknete na va\u0161o ljubo sede\u017eno garnituro. Odklenete vrata va\u0161ega doma in zagledate \u00bbprizor iz grozljivke\u00ab. Na sredini dnevne sobe, na preprogi le\u017ei va\u0161 ljubljen\u010dek, okoli pa mali mio kremno belih ko\u0161\u010dkov va\u0161e \u0161e ne leto dni stare sede\u017ene. Kako se po\u010dutite? Raje si ne mislim. \ud83d\ude06<\/p>\n<p>Ali pa spet podoben prizor, ampak tokrat za katero \u017eensko morda \u0161e bolj bole\u010d. Ko se po par urah shoppinga vrnete utrujena domov in na hodniku zagledate zgri\u017eene \u0161e \u00bbpo novem di\u0161e\u010de\u00ab salonarje. \ud83d\udc62\ud83d\udc60<\/p>\n<p>Verjetno ne rabim posebej poudarjati, da, se vsemu temu lahko izognemo, \u010de psa primerno navadimo na bivanje v kletki oz. pasjem boksu, ko smo odsotni.<\/p>\n<p>\ud83d\udc49\ud83c\udffc <strong>Kak\u0161no kletko izbrati?<\/strong><\/p>\n<p>Izbira pasje kletke na\u010deloma ni neka velika umetnost. Seveda morate paziti, da je kvalitetna, da nima kak\u0161nih \u00bb\u010dudnih, ostrih\u00ab robov, predvsem pa, da je dovolj velika. Pred nakupom se to\u010dno pozanimajte o kon\u010dni velikosti va\u0161ega psa, saj boste morali v nasprotnem primeru, ko bo zrasel kupiti ve\u010djo.<\/p>\n<p>Morda velja za pomo\u010d omeniti, da sva midva za Conorja &#8211; pasma belgijski ov\u010dar, razli\u010dica \u00bbmalinois\u00ab, gre za srednje velikega psa, \u010deprav sklepava, da bo glede na ta\u010dke precej velik za svojo pasmo \u2013 vzela kletko znamke Nobby (<a href=\"https:\/\/www.mrpet.si\/nobby-kovinski-boks-crn-109-x-71-x-79-cm-p-10428.aspx\" target=\"_blank\" rel=\"noopener noreferrer\">kupila sva jo v trgovini za male \u017eivali Mr.Pet<\/a>) velikost 109 cm x 71 cm x 79 cm in mu je v njej ve\u010d kot udobno \ud83d\ude0a.<\/p>\n<div class=\"wpb_wrapper\">\n<p>Ve\u010d o tem, kako psa navaditi na kletko pa si lahko preberete tudi v najinem blog zapisu \u00bbZmenkarije s kletko in zakaj moramo biti konsistentni\u00ab. V primeru kakr\u0161nih koli vpra\u0161anj, pa sej ve\u0161, pi\u0161i na <a href=\"mailto:pija@conorsadventure.com\">pija@conorsadventure.com<\/a>, ali pa mi preposto pusti komentar\ud83d\ude43.<\/p>\n<p>&nbsp;<\/p>\n<\/div>\n<p>\ud83d\udc49\ud83c\udffc <strong>Kletko imam, kaj pa sedaj? Kako ga navaditi, da bo \u0161el sam vanjo?<\/strong><\/p>\n<figure id=\"attachment_2133\" aria-describedby=\"caption-attachment-2133\" style=\"width: 400px\" class=\"wp-caption alignleft\"><img decoding=\"async\" loading=\"lazy\" class=\"wp-image-2133\" src=\"https:\/\/conorsadventure.si\/blog\/wp-content\/uploads\/2020\/10\/dan15_1manjsa-1-edited.jpg\" alt=\"Conorja smo za\u010deli takoj prvi teden navajati na kletko.\" width=\"400\" height=\"300\" srcset=\"https:\/\/conorsadventure.si\/blog\/wp-content\/uploads\/2020\/10\/dan15_1manjsa-1-edited.jpg 768w, https:\/\/conorsadventure.si\/blog\/wp-content\/uploads\/2020\/10\/dan15_1manjsa-1-edited-300x225.jpg 300w, https:\/\/conorsadventure.si\/blog\/wp-content\/uploads\/2020\/10\/dan15_1manjsa-1-edited-600x450.jpg 600w\" sizes=\"(max-width: 400px) 100vw, 400px\" \/><figcaption id=\"caption-attachment-2133\" class=\"wp-caption-text\">Conorja smo za\u010deli takoj prvi teden navajati na kletko.<\/figcaption><\/figure>\n<p>Midva sva na za\u010detku naredila napako, da sva kletko v prostor postavila \u0161ele dva dni po prihodu Conorja v nov dom. Najbolje, da je kletka (s primernim le\u017ei\u0161\u010dem) \u017ee v prostoru, ko pride mladi\u010d v nov dom, saj jo bo v tem primeru la\u017eje sprejel \u00bbza svojo\u00ab.<\/p>\n<p>Conorja smo za\u010deli takoj prvi teden navajati na kletko. Torej mladi\u010du jo predstavite kot njegovo le\u017ei\u0161\u010de. Nasujte vanjo nekaj briketov, da bo pes dojel kletko kot nekaj pozitivnega, kjer se mu spla\u010da biti. Vsaki\u010d, ko gre sam vanjo ga nagradite, denimo s hrano ali igra\u010do. Bodite konsistentni, sploh pa potrpe\u017eljivi.<br \/>\nMi smo Conorja kar nekaj dni redno hranili v kletki, ga vsaki\u010d pohvalili, ko je bil v njej nekaj minut zaprt itd. Sploh pa pozor, naj ne bo kletka mesto za kaznovanje, \u010de pes naredi kaj narobe!<\/p>\n<p>Ve\u010d o tem, kako psa navaditi na kletko pa si lahko preberete tudi v najinem blog zapisu \u00bbZmenkarije s kletko in zakaj moramo biti konsistentni\u00ab.<\/p>\n<p>V primeru kakr\u0161nih koli vpra\u0161anj, pa sej ve\u0161, pi\u0161i na <a href=\"mailto:pija@conorsadventure.com\">pija@conorsadventure.com<\/a>, ali pa mi preposto pusti komentar\ud83d\ude43.<\/p>\n","protected":false},"excerpt":{"rendered":"<p>Sama sem bila zelo dolgo \u010dasa proti uporabi pasjega bivalnega boksa oz. kletke (kot jo&hellip;<\/p>\n<p> <a class=\"more-link\" href=\"https:\/\/conorsadventure.si\/blog\/pasja-kletka-boks-da-ali-ne-in-kaksna-%f0%9f%90%b6\/\">Beri dalje<\/a><\/p>\n","protected":false},"author":990002,"featured_media":0,"parent":0,"menu_order":0,"comment_status":"closed","ping_status":"closed","template":"","meta":{"footnotes":""},"yoast_head":"<!-- This site is optimized with the Yoast SEO plugin v21.0 - https:\/\/yoast.com\/wordpress\/plugins\/seo\/ -->\n<title>PASJA KLETKA\/BOKS, DA ALI NE IN KAK\u0160NA? \ud83d\udc36 - Conor&#039;s Adventure<\/title>\n<meta name=\"robots\" content=\"index, follow, max-snippet:-1, max-image-preview:large, max-video-preview:-1\" \/>\n<link rel=\"canonical\" href=\"https:\/\/conorsadventure.si\/blog\/pasja-kletka-boks-da-ali-ne-in-kaksna-\ud83d\udc36\/\" \/>\n<meta property=\"og:locale\" content=\"sl_SI\" \/>\n<meta property=\"og:type\" content=\"article\" \/>\n<meta property=\"og:title\" content=\"PASJA KLETKA\/BOKS, DA ALI NE IN KAK\u0160NA? \ud83d\udc36 - Conor&#039;s Adventure\" \/>\n<meta property=\"og:description\" content=\"Sama sem bila zelo dolgo \u010dasa proti uporabi pasjega bivalnega boksa oz. kletke (kot jo&hellip;  Beri dalje\" \/>\n<meta property=\"og:url\" content=\"https:\/\/conorsadventure.si\/blog\/pasja-kletka-boks-da-ali-ne-in-kaksna-\ud83d\udc36\/\" \/>\n<meta property=\"og:site_name\" content=\"Conor&#039;s Adventure\" \/>\n<meta property=\"article:modified_time\" content=\"2022-12-01T08:12:06+00:00\" \/>\n<meta property=\"og:image\" content=\"https:\/\/conorsadventure.si\/blog\/wp-content\/uploads\/2020\/10\/Kletka_2.jpg\" \/>\n<meta name=\"twitter:card\" content=\"summary_large_image\" \/>\n<meta name=\"twitter:label1\" content=\"Est. reading time\" \/>\n\t<meta name=\"twitter:data1\" content=\"5 minut\" \/>\n<script type=\"application\/ld+json\" class=\"yoast-schema-graph\">{\"@context\":\"https:\/\/schema.org\",\"@graph\":[{\"@type\":\"WebPage\",\"@id\":\"https:\/\/conorsadventure.si\/blog\/pasja-kletka-boks-da-ali-ne-in-kaksna-%f0%9f%90%b6\/\",\"url\":\"https:\/\/conorsadventure.si\/blog\/pasja-kletka-boks-da-ali-ne-in-kaksna-%f0%9f%90%b6\/\",\"name\":\"PASJA KLETKA\/BOKS, DA ALI NE IN KAK\u0160NA? \ud83d\udc36 - Conor&#039;s Adventure\",\"isPartOf\":{\"@id\":\"https:\/\/conorsadventure.si\/blog\/#website\"},\"datePublished\":\"2020-10-22T08:17:48+00:00\",\"dateModified\":\"2022-12-01T08:12:06+00:00\",\"breadcrumb\":{\"@id\":\"https:\/\/conorsadventure.si\/blog\/pasja-kletka-boks-da-ali-ne-in-kaksna-%f0%9f%90%b6\/#breadcrumb\"},\"inLanguage\":\"sl-SI\",\"potentialAction\":[{\"@type\":\"ReadAction\",\"target\":[\"https:\/\/conorsadventure.si\/blog\/pasja-kletka-boks-da-ali-ne-in-kaksna-%f0%9f%90%b6\/\"]}]},{\"@type\":\"BreadcrumbList\",\"@id\":\"https:\/\/conorsadventure.si\/blog\/pasja-kletka-boks-da-ali-ne-in-kaksna-%f0%9f%90%b6\/#breadcrumb\",\"itemListElement\":[{\"@type\":\"ListItem\",\"position\":1,\"name\":\"Home\",\"item\":\"https:\/\/conorsadventure.si\/blog\/\"},{\"@type\":\"ListItem\",\"position\":2,\"name\":\"PASJA KLETKA\/BOKS, DA ALI NE IN KAK\u0160NA? \ud83d\udc36\"}]},{\"@type\":\"WebSite\",\"@id\":\"https:\/\/conorsadventure.si\/blog\/#website\",\"url\":\"https:\/\/conorsadventure.si\/blog\/\",\"name\":\"Conor&#039;s Adventure\",\"description\":\"Oprema, ki povezuje\",\"potentialAction\":[{\"@type\":\"SearchAction\",\"target\":{\"@type\":\"EntryPoint\",\"urlTemplate\":\"https:\/\/conorsadventure.si\/blog\/?s={search_term_string}\"},\"query-input\":\"required name=search_term_string\"}],\"inLanguage\":\"sl-SI\"}]}<\/script>\n<!-- \/ Yoast SEO plugin. -->","yoast_head_json":{"title":"PASJA KLETKA\/BOKS, DA ALI NE IN KAK\u0160NA? \ud83d\udc36 - Conor&#039;s Adventure","robots":{"index":"index","follow":"follow","max-snippet":"max-snippet:-1","max-image-preview":"max-image-preview:large","max-video-preview":"max-video-preview:-1"},"canonical":"https:\/\/conorsadventure.si\/blog\/pasja-kletka-boks-da-ali-ne-in-kaksna-\ud83d\udc36\/","og_locale":"sl_SI","og_type":"article","og_title":"PASJA KLETKA\/BOKS, DA ALI NE IN KAK\u0160NA? \ud83d\udc36 - Conor&#039;s Adventure","og_description":"Sama sem bila zelo dolgo \u010dasa proti uporabi pasjega bivalnega boksa oz. kletke (kot jo&hellip;  Beri dalje","og_url":"https:\/\/conorsadventure.si\/blog\/pasja-kletka-boks-da-ali-ne-in-kaksna-\ud83d\udc36\/","og_site_name":"Conor&#039;s Adventure","article_modified_time":"2022-12-01T08:12:06+00:00","og_image":[{"url":"https:\/\/conorsadventure.si\/blog\/wp-content\/uploads\/2020\/10\/Kletka_2.jpg"}],"twitter_card":"summary_large_image","twitter_misc":{"Est. reading time":"5 minut"},"schema":{"@context":"https:\/\/schema.org","@graph":[{"@type":"WebPage","@id":"https:\/\/conorsadventure.si\/blog\/pasja-kletka-boks-da-ali-ne-in-kaksna-%f0%9f%90%b6\/","url":"https:\/\/conorsadventure.si\/blog\/pasja-kletka-boks-da-ali-ne-in-kaksna-%f0%9f%90%b6\/","name":"PASJA KLETKA\/BOKS, DA ALI NE IN KAK\u0160NA? \ud83d\udc36 - Conor&#039;s Adventure","isPartOf":{"@id":"https:\/\/conorsadventure.si\/blog\/#website"},"datePublished":"2020-10-22T08:17:48+00:00","dateModified":"2022-12-01T08:12:06+00:00","breadcrumb":{"@id":"https:\/\/conorsadventure.si\/blog\/pasja-kletka-boks-da-ali-ne-in-kaksna-%f0%9f%90%b6\/#breadcrumb"},"inLanguage":"sl-SI","potentialAction":[{"@type":"ReadAction","target":["https:\/\/conorsadventure.si\/blog\/pasja-kletka-boks-da-ali-ne-in-kaksna-%f0%9f%90%b6\/"]}]},{"@type":"BreadcrumbList","@id":"https:\/\/conorsadventure.si\/blog\/pasja-kletka-boks-da-ali-ne-in-kaksna-%f0%9f%90%b6\/#breadcrumb","itemListElement":[{"@type":"ListItem","position":1,"name":"Home","item":"https:\/\/conorsadventure.si\/blog\/"},{"@type":"ListItem","position":2,"name":"PASJA KLETKA\/BOKS, DA ALI NE IN KAK\u0160NA? \ud83d\udc36"}]},{"@type":"WebSite","@id":"https:\/\/conorsadventure.si\/blog\/#website","url":"https:\/\/conorsadventure.si\/blog\/","name":"Conor&#039;s Adventure","description":"Oprema, ki povezuje","potentialAction":[{"@type":"SearchAction","target":{"@type":"EntryPoint","urlTemplate":"https:\/\/conorsadventure.si\/blog\/?s={search_term_string}"},"query-input":"required name=search_term_string"}],"inLanguage":"sl-SI"}]}},"_links":{"self":[{"href":"https:\/\/conorsadventure.si\/blog\/wp-json\/wp\/v2\/pages\/2132"}],"collection":[{"href":"https:\/\/conorsadventure.si\/blog\/wp-json\/wp\/v2\/pages"}],"about":[{"href":"https:\/\/conorsadventure.si\/blog\/wp-json\/wp\/v2\/types\/page"}],"author":[{"embeddable":true,"href":"https:\/\/conorsadventure.si\/blog\/wp-json\/wp\/v2\/users\/990002"}],"replies":[{"embeddable":true,"href":"https:\/\/conorsadventure.si\/blog\/wp-json\/wp\/v2\/comments?post=2132"}],"version-history":[{"count":1,"href":"https:\/\/conorsadventure.si\/blog\/wp-json\/wp\/v2\/pages\/2132\/revisions"}],"predecessor-version":[{"id":4836,"href":"https:\/\/conorsadventure.si\/blog\/wp-json\/wp\/v2\/pages\/2132\/revisions\/4836"}],"wp:attachment":[{"href":"https:\/\/conorsadventure.si\/blog\/wp-json\/wp\/v2\/media?parent=2132"}],"curies":[{"name":"wp","href":"https:\/\/api.w.org\/{rel}","templated":true}]}}